{"id":8250,"date":"2024-10-30T16:19:26","date_gmt":"2024-10-30T16:19:26","guid":{"rendered":"https:\/\/outdoortarrago.com\/politica-de-privacidad\/"},"modified":"2025-01-14T14:43:01","modified_gmt":"2025-01-14T14:43:01","slug":"politica-de-privacidad","status":"publish","type":"page","link":"https:\/\/outdoortarrago.com\/es\/politica-de-privacidad\/","title":{"rendered":"Pol\u00edtica de privacidad"},"content":{"rendered":"\t\t<div data-elementor-type=\"wp-page\" data-elementor-id=\"8250\" class=\"elementor elementor-8250 elementor-407\" data-elementor-post-type=\"page\">\n\t\t\t\t<div class=\"elementor-element elementor-element-cdd2658 e-flex e-con-boxed e-con e-parent\" data-id=\"cdd2658\" data-element_type=\"container\" data-settings=\"{&quot;background_background&quot;:&quot;classic&quot;}\">\n\t\t\t\t\t<div class=\"e-con-inner\">\n\t\t\t\t<div class=\"elementor-element elementor-element-db4d635 elementor-widget elementor-widget-heading\" data-id=\"db4d635\" data-element_type=\"widget\" data-widget_type=\"heading.default\">\n\t\t\t\t<div class=\"elementor-widget-container\">\n\t\t\t\t\t<h2 class=\"elementor-heading-title elementor-size-default\">Pol\u00edtica de privacidad<\/h2>\t\t\t\t<\/div>\n\t\t\t\t<\/div>\n\t\t\t\t\t<\/div>\n\t\t\t\t<\/div>\n\t\t<div class=\"elementor-element elementor-element-377ae45 e-flex e-con-boxed e-con e-parent\" data-id=\"377ae45\" data-element_type=\"container\" data-settings=\"{&quot;background_background&quot;:&quot;classic&quot;}\">\n\t\t\t\t\t<div class=\"e-con-inner\">\n\t\t\t\t<div class=\"elementor-element elementor-element-dd4a845 elementor-widget elementor-widget-text-editor\" data-id=\"dd4a845\" data-element_type=\"widget\" data-widget_type=\"text-editor.default\">\n\t\t\t\t<div class=\"elementor-widget-container\">\n\t\t\t\t\t\t\t\t\t<p><b>\u00daltima actualizaci\u00f3n 01\/12\/2024<\/b><\/p>\n<p>La confidencialidad y la seguridad son valores primordiales de TARRAGO, por lo que nos comprometemos a garantizar la privacidad del Usuario en todo momento y a no recabar informaci\u00f3n innecesaria. A continuaci\u00f3n proporcionamos toda la informaci\u00f3n necesaria sobre nuestra Pol\u00edtica de Privacidad en relaci\u00f3n con los datos personales recogidos, explicando: <\/p>\n<ul>\n<li><span style=\"background-color: transparent; color: var( --e-global-color-primary ); font-family: var( --e-global-typography-e599a38-font-family ), Sans-serif; font-weight: var( --e-global-typography-e599a38-font-weight ); text-align: var(--text-align);\">Qui\u00e9n es el encargado del tratamiento de tus datos.<\/span><\/li>\n<li>La finalidad para la que recabamos los datos solicitados.<\/li>\n<li>Cu\u00e1l es la legitimaci\u00f3n para su tratamiento.<\/li>\n<li>El tiempo que almacenamos los datos.<\/li>\n<li>A qui\u00e9n se asignan tus datos.<\/li>\n<li>Cu\u00e1les son tus derechos.<\/li>\n<\/ul>\t\t\t\t\t\t\t\t<\/div>\n\t\t\t\t<\/div>\n\t\t\t\t<div class=\"elementor-element elementor-element-1cd9575 elementor-widget elementor-widget-text-editor\" data-id=\"1cd9575\" data-element_type=\"widget\" data-widget_type=\"text-editor.default\">\n\t\t\t\t<div class=\"elementor-widget-container\">\n\t\t\t\t\t\t\t\t\t<h3>1- Responsable del tratamiento:<\/h3>  TARRAGO BRANDS INTERNATIONAL SL (B64002512)<br>  C\/Narc\u00eds Monturiol, 18 08243, Manresa  <br>(Barcelona) info@tarrago.com\t\t\t\t\t\t\t\t<\/div>\n\t\t\t\t<\/div>\n\t\t\t\t<div class=\"elementor-element elementor-element-2bf1c48 elementor-widget elementor-widget-text-editor\" data-id=\"2bf1c48\" data-element_type=\"widget\" data-widget_type=\"text-editor.default\">\n\t\t\t\t<div class=\"elementor-widget-container\">\n\t\t\t\t\t\t\t\t\t<h3>2- Finalidades, legitimaci\u00f3n y conservaci\u00f3n del tratamiento de los datos enviados a trav\u00e9s del:<\/h3>\n<ul>\n<li><b>FORMULARIO DE CONTACTO.<\/b><\/li>\n<\/ul>\n<div><b> <\/b><\/div>\n<p><b>Finalidad<\/b>: Proporcionar los medios para contactar con nosotros y responder a tus solicitudes de informaci\u00f3n, as\u00ed como enviarte informaci\u00f3n sobre nuestros productos, servicios y actividades a trav\u00e9s de medios digitales, si marcas la casilla de aceptaci\u00f3n.<\/p>\n<p><b>Legitimaci\u00f3n: <\/b>El consentimiento del usuario al solicitar informaci\u00f3n a trav\u00e9s de nuestro formulario de contacto y marcar la casilla de aceptaci\u00f3n para el env\u00edo de informaci\u00f3n.<\/p>\n<p><b>Retenci\u00f3n<\/b>: Una vez resuelta tu solicitud a trav\u00e9s de nuestro formulario o contestada por correo electr\u00f3nico, si no se genera ning\u00fan nuevo tr\u00e1mite y habiendo aceptado la recepci\u00f3n de comunicaciones comerciales hasta que el usuario solicite su baja.<\/p>\n<p><b>ENV\u00cdO DE CORREOS ELECTR\u00d3NICOS.<br \/><\/b>Finalidad: Atender tus solicitudes de informaci\u00f3n, gestionar tus peticiones y responder a tus consultas o dudas.Legitimaci\u00f3n: El consentimiento del usuario al solicitar informaci\u00f3n a trav\u00e9s de nuestra direcci\u00f3n de correo electr\u00f3nico.Conservaci\u00f3n: Una vez contestada tu solicitud por correo electr\u00f3nico, si no se ha generado un nuevo tratamiento.<\/p>\n<ul>\n<li><b>SUSCRIPCI\u00d3N AL BOLET\u00cdN.<\/b><\/li>\n<\/ul>\n<p><b>Finalidad<\/b>: Enviarte nuestro bolet\u00edn de noticias e informaci\u00f3n sobre nuestros productos, servicios y actividades a trav\u00e9s de medios digitales, si marcas la casilla de aceptaci\u00f3n.<\/p>\n<p><b>Legitimaci\u00f3n<\/b>: El consentimiento del usuario al suscribirse a nuestro bolet\u00edn.<\/p>\n<p><b>Conservaci\u00f3n<\/b>: Hasta que el usuario solicite su baja.<\/p>\n<p><b>COMENTARIOS BLOG<br \/>Finalidad<\/b>: Publicar tu comentario en la secci\u00f3n blog de la p\u00e1gina web.<\/p>\n<p><b>Legitimaci\u00f3n<\/b>: El consentimiento del usuario para enviar sus datos personales y comentarios a la publicaci\u00f3n correspondiente.<\/p>\n<p><b>Conservaci\u00f3n<\/b>: Mientras la publicaci\u00f3n en el blog est\u00e9 publicada en la p\u00e1gina web.<br \/><b>Obligaci\u00f3n de facilitar tus datos personales y consecuencias en caso de no hacerlo.<\/b><\/p>\n<p>El suministro de datos de car\u00e1cter personal requiere una edad m\u00ednima de 14 a\u00f1os o, en su caso, capacidad legal suficiente para contratar.<br \/>Los datos de car\u00e1cter personal solicitados son necesarios para gestionar tus solicitudes y\/o prestar los servicios que se puedan contratar, por lo que su no cumplimentaci\u00f3n supone que no podamos atenderte correctamente ni prestarte el servicio solicitado.<\/p>\n\t\t\t\t\t\t\t\t<\/div>\n\t\t\t\t<\/div>\n\t\t\t\t<div class=\"elementor-element elementor-element-af6a422 elementor-widget elementor-widget-text-editor\" data-id=\"af6a422\" data-element_type=\"widget\" data-widget_type=\"text-editor.default\">\n\t\t\t\t<div class=\"elementor-widget-container\">\n\t\t\t\t\t\t\t\t\t<h3>3- Destinatarios de los datos<\/h3>\n<p>Tus datos son confidenciales y no se transferir\u00e1n a terceros a menos que la ley lo exija.<\/p>\n\t\t\t\t\t\t\t\t<\/div>\n\t\t\t\t<\/div>\n\t\t\t\t<div class=\"elementor-element elementor-element-7890f02 elementor-widget elementor-widget-text-editor\" data-id=\"7890f02\" data-element_type=\"widget\" data-widget_type=\"text-editor.default\">\n\t\t\t\t<div class=\"elementor-widget-container\">\n\t\t\t\t\t\t\t\t\t<h3>4- Derechos en relaci\u00f3n con tus datos personales<\/h3>\n<p>Cualquier persona puede retirar su consentimiento en cualquier momento despu\u00e9s de haberlo otorgado para el tratamiento de sus datos. En ning\u00fan caso la retirada del consentimiento afectar\u00e1 a la ejecuci\u00f3n del contrato de suscripci\u00f3n o a las relaciones establecidas previamente. <\/p>\n<p>Asimismo, tambi\u00e9n puedes ejercer los siguientes derechos:<\/p>\n<ul>\n<li>Solicitar el acceso a tus datos personales o la rectificaci\u00f3n de los mismos cuando sean inexactos.<\/li>\n<li>Solicitar su supresi\u00f3n cuando, entre otros motivos, ya no sean necesarios para la finalidad para la que se rigieron.<\/li>\n<li>Solicitar la limitaci\u00f3n del tratamiento en determinadas circunstancias.<\/li>\n<li>Solicitar la oposici\u00f3n al tratamiento de tus datos debido a tu situaci\u00f3n particular.<\/li>\n<li>Solicitar la portabilidad de los datos cuando as\u00ed lo disponga la ley.<\/li>\n<li>Otros derechos reconocidos en la legislaci\u00f3n aplicable.<\/li>\n<\/ul>\n<p>D\u00f3nde y c\u00f3mo ejercer tus Derechos: Mediante escrito dirigido al interesado a su direcci\u00f3n postal o electr\u00f3nica (facilitada en el apartado A), indicando la referencia \u00abDatos Personales\u00bb, especificando el derecho a ejercitar y respecto de qu\u00e9 datos personales.<\/p>\n<p>En caso de litigio con la empresa en relaci\u00f3n con el tratamiento de tus datos, puedes presentar una reclamaci\u00f3n ante la Autoridad de Protecci\u00f3n de Datos (www.agpd.es).<\/p>\n\t\t\t\t\t\t\t\t<\/div>\n\t\t\t\t<\/div>\n\t\t\t\t<div class=\"elementor-element elementor-element-6097b5e elementor-widget elementor-widget-text-editor\" data-id=\"6097b5e\" data-element_type=\"widget\" data-widget_type=\"text-editor.default\">\n\t\t\t\t<div class=\"elementor-widget-container\">\n\t\t\t\t\t\t\t\t\t<h3>5- Galletas<\/h3>\n<p>Esta p\u00e1gina web utiliza \u00fanicamente cookies t\u00e9cnicas, de personalizaci\u00f3n y an\u00e1lisis, propias y de terceros (Google Analytics), que en ning\u00fan caso tratan datos de car\u00e1cter personal ni captan h\u00e1bitos de navegaci\u00f3n con fines publicitarios.<\/p>\n<p>Por ello, en cumplimiento del art\u00edculo 22 de la Ley de Servicios de la Sociedad de la Informaci\u00f3n, y dado que se utilizan cookies de an\u00e1lisis, hemos solicitado tu autorizaci\u00f3n para utilizarlas y te hemos informado de ello, y se instalar\u00e1n transcurrido un plazo razonable para que el usuario tenga tiempo de decidir si las autoriza o no.<\/p>\n\t\t\t\t\t\t\t\t<\/div>\n\t\t\t\t<\/div>\n\t\t\t\t<div class=\"elementor-element elementor-element-09b3313 elementor-widget elementor-widget-text-editor\" data-id=\"09b3313\" data-element_type=\"widget\" data-widget_type=\"text-editor.default\">\n\t\t\t\t<div class=\"elementor-widget-container\">\n\t\t\t\t\t\t\t\t\t<h3>6- Seguridad de tus datos personales<\/h3>\n<p>Esta p\u00e1gina web utiliza \u00fanicamente cookies t\u00e9cnicas, de personalizaci\u00f3n y de an\u00e1lisis, propias y de terceros (Google Analytics), que en ning\u00fan caso tratan datos de car\u00e1cter personal ni captan h\u00e1bitos de navegaci\u00f3n con fines publicitarios.<\/p>\n<p>Por ello, en cumplimiento del art\u00edculo 22 de la Ley de Servicios de la Sociedad de la Informaci\u00f3n, y dado que se utilizan cookies de an\u00e1lisis, hemos solicitado tu autorizaci\u00f3n para utilizarlas y te hemos informado de ello, y se instalar\u00e1n transcurrido un plazo razonable para que el usuario tenga tiempo de decidir si las autoriza o no.<\/p>\n\t\t\t\t\t\t\t\t<\/div>\n\t\t\t\t<\/div>\n\t\t\t\t<div class=\"elementor-element elementor-element-20362df elementor-widget elementor-widget-text-editor\" data-id=\"20362df\" data-element_type=\"widget\" data-widget_type=\"text-editor.default\">\n\t\t\t\t<div class=\"elementor-widget-container\">\n\t\t\t\t\t\t\t\t\t<h3>7- Actualizar tus datos<\/h3>\n<p>Es importante que nos informes siempre que haya habido alguna modificaci\u00f3n en los mismos para que podamos actualizar tus datos personales, en caso contrario, no respondemos de la veracidad de los mismos.<\/p>\n<p>No nos hacemos responsables de la pol\u00edtica de privacidad respecto a los datos personales que pueda facilitar a terceros por medio de los enlaces incluidos en nuestra p\u00e1gina web.<\/p>\n<p>Esta pol\u00edtica de privacidad puede ser modificada para adaptarla a las modificaciones que se produzca en nuestra web, as\u00ed como modificaciones legislativas o jurisprudenciales sobre datos personales que vayan apareciendo, por lo que exige su lectura, cada vez que nos facilite sus datos a trav\u00e9s de esta Web.<\/p>\n\t\t\t\t\t\t\t\t<\/div>\n\t\t\t\t<\/div>\n\t\t\t\t\t<\/div>\n\t\t\t\t<\/div>\n\t\t\t\t<\/div>\n\t\t","protected":false},"excerpt":{"rendered":"<p>Pol\u00edtica de privacidad \u00daltima actualizaci\u00f3n 01\/12\/2024 La confidencialidad y la seguridad son valores primordiales de TARRAGO, por lo que nos comprometemos a garantizar la privacidad del Usuario en todo momento y a no recabar informaci\u00f3n innecesaria. A continuaci\u00f3n proporcionamos toda la informaci\u00f3n necesaria sobre nuestra Pol\u00edtica de Privacidad en relaci\u00f3n con los datos personales recogidos, [&hellip;]<\/p>\n","protected":false},"author":1,"featured_media":0,"parent":0,"menu_order":0,"comment_status":"closed","ping_status":"closed","template":"","meta":{"_acf_changed":false,"footnotes":""},"class_list":["post-8250","page","type-page","status-publish","hentry"],"acf":[],"yoast_head":"<!-- This site is optimized with the Yoast SEO plugin v26.4 - https:\/\/yoast.com\/wordpress\/plugins\/seo\/ -->\n<title>Pol\u00edtica de privacidad - Tarrago Outdoor Care<\/title>\n<meta name=\"robots\" content=\"index, follow, max-snippet:-1, max-image-preview:large, max-video-preview:-1\" \/>\n<link rel=\"canonical\" href=\"https:\/\/outdoortarrago.com\/es\/politica-de-privacidad\/\" \/>\n<meta property=\"og:locale\" content=\"es_ES\" \/>\n<meta property=\"og:type\" content=\"article\" \/>\n<meta property=\"og:title\" content=\"Pol\u00edtica de privacidad - Tarrago Outdoor Care\" \/>\n<meta property=\"og:description\" content=\"Pol\u00edtica de privacidad \u00daltima actualizaci\u00f3n 01\/12\/2024 La confidencialidad y la seguridad son valores primordiales de TARRAGO, por lo que nos comprometemos a garantizar la privacidad del Usuario en todo momento y a no recabar informaci\u00f3n innecesaria. A continuaci\u00f3n proporcionamos toda la informaci\u00f3n necesaria sobre nuestra Pol\u00edtica de Privacidad en relaci\u00f3n con los datos personales recogidos, [&hellip;]\" \/>\n<meta property=\"og:url\" content=\"https:\/\/outdoortarrago.com\/es\/politica-de-privacidad\/\" \/>\n<meta property=\"og:site_name\" content=\"Tarrago Outdoor Care\" \/>\n<meta property=\"article:modified_time\" content=\"2025-01-14T14:43:01+00:00\" \/>\n<meta name=\"twitter:card\" content=\"summary_large_image\" \/>\n<meta name=\"twitter:label1\" content=\"Tiempo de lectura\" \/>\n\t<meta name=\"twitter:data1\" content=\"5 minutos\" \/>\n<script type=\"application\/ld+json\" class=\"yoast-schema-graph\">{\"@context\":\"https:\/\/schema.org\",\"@graph\":[{\"@type\":\"WebPage\",\"@id\":\"https:\/\/outdoortarrago.com\/es\/politica-de-privacidad\/\",\"url\":\"https:\/\/outdoortarrago.com\/es\/politica-de-privacidad\/\",\"name\":\"Pol\u00edtica de privacidad - Tarrago Outdoor Care\",\"isPartOf\":{\"@id\":\"https:\/\/outdoortarrago.com\/es\/#website\"},\"datePublished\":\"2024-10-30T16:19:26+00:00\",\"dateModified\":\"2025-01-14T14:43:01+00:00\",\"breadcrumb\":{\"@id\":\"https:\/\/outdoortarrago.com\/es\/politica-de-privacidad\/#breadcrumb\"},\"inLanguage\":\"es\",\"potentialAction\":[{\"@type\":\"ReadAction\",\"target\":[\"https:\/\/outdoortarrago.com\/es\/politica-de-privacidad\/\"]}]},{\"@type\":\"BreadcrumbList\",\"@id\":\"https:\/\/outdoortarrago.com\/es\/politica-de-privacidad\/#breadcrumb\",\"itemListElement\":[{\"@type\":\"ListItem\",\"position\":1,\"name\":\"Home\",\"item\":\"https:\/\/outdoortarrago.com\/es\/\"},{\"@type\":\"ListItem\",\"position\":2,\"name\":\"Pol\u00edtica de privacidad\"}]},{\"@type\":\"WebSite\",\"@id\":\"https:\/\/outdoortarrago.com\/es\/#website\",\"url\":\"https:\/\/outdoortarrago.com\/es\/\",\"name\":\"A NEW CONCEPT OF CARE\",\"description\":\"Un nuevo concepto de cuidado\",\"publisher\":{\"@id\":\"https:\/\/outdoortarrago.com\/es\/#organization\"},\"potentialAction\":[{\"@type\":\"SearchAction\",\"target\":{\"@type\":\"EntryPoint\",\"urlTemplate\":\"https:\/\/outdoortarrago.com\/es\/?s={search_term_string}\"},\"query-input\":{\"@type\":\"PropertyValueSpecification\",\"valueRequired\":true,\"valueName\":\"search_term_string\"}}],\"inLanguage\":\"es\"},{\"@type\":\"Organization\",\"@id\":\"https:\/\/outdoortarrago.com\/es\/#organization\",\"name\":\"A NEW CONCEPT OF CARE\",\"url\":\"https:\/\/outdoortarrago.com\/es\/\",\"logo\":{\"@type\":\"ImageObject\",\"inLanguage\":\"es\",\"@id\":\"https:\/\/outdoortarrago.com\/es\/#\/schema\/logo\/image\/\",\"url\":\"https:\/\/outdoortarrago.com\/wp-content\/uploads\/2024\/10\/logo.svg\",\"contentUrl\":\"https:\/\/outdoortarrago.com\/wp-content\/uploads\/2024\/10\/logo.svg\",\"width\":189,\"height\":134,\"caption\":\"A NEW CONCEPT OF CARE\"},\"image\":{\"@id\":\"https:\/\/outdoortarrago.com\/es\/#\/schema\/logo\/image\/\"}}]}<\/script>\n<!-- \/ Yoast SEO plugin. -->","yoast_head_json":{"title":"Pol\u00edtica de privacidad - Tarrago Outdoor Care","robots":{"index":"index","follow":"follow","max-snippet":"max-snippet:-1","max-image-preview":"max-image-preview:large","max-video-preview":"max-video-preview:-1"},"canonical":"https:\/\/outdoortarrago.com\/es\/politica-de-privacidad\/","og_locale":"es_ES","og_type":"article","og_title":"Pol\u00edtica de privacidad - Tarrago Outdoor Care","og_description":"Pol\u00edtica de privacidad \u00daltima actualizaci\u00f3n 01\/12\/2024 La confidencialidad y la seguridad son valores primordiales de TARRAGO, por lo que nos comprometemos a garantizar la privacidad del Usuario en todo momento y a no recabar informaci\u00f3n innecesaria. A continuaci\u00f3n proporcionamos toda la informaci\u00f3n necesaria sobre nuestra Pol\u00edtica de Privacidad en relaci\u00f3n con los datos personales recogidos, [&hellip;]","og_url":"https:\/\/outdoortarrago.com\/es\/politica-de-privacidad\/","og_site_name":"Tarrago Outdoor Care","article_modified_time":"2025-01-14T14:43:01+00:00","twitter_card":"summary_large_image","twitter_misc":{"Tiempo de lectura":"5 minutos"},"schema":{"@context":"https:\/\/schema.org","@graph":[{"@type":"WebPage","@id":"https:\/\/outdoortarrago.com\/es\/politica-de-privacidad\/","url":"https:\/\/outdoortarrago.com\/es\/politica-de-privacidad\/","name":"Pol\u00edtica de privacidad - Tarrago Outdoor Care","isPartOf":{"@id":"https:\/\/outdoortarrago.com\/es\/#website"},"datePublished":"2024-10-30T16:19:26+00:00","dateModified":"2025-01-14T14:43:01+00:00","breadcrumb":{"@id":"https:\/\/outdoortarrago.com\/es\/politica-de-privacidad\/#breadcrumb"},"inLanguage":"es","potentialAction":[{"@type":"ReadAction","target":["https:\/\/outdoortarrago.com\/es\/politica-de-privacidad\/"]}]},{"@type":"BreadcrumbList","@id":"https:\/\/outdoortarrago.com\/es\/politica-de-privacidad\/#breadcrumb","itemListElement":[{"@type":"ListItem","position":1,"name":"Home","item":"https:\/\/outdoortarrago.com\/es\/"},{"@type":"ListItem","position":2,"name":"Pol\u00edtica de privacidad"}]},{"@type":"WebSite","@id":"https:\/\/outdoortarrago.com\/es\/#website","url":"https:\/\/outdoortarrago.com\/es\/","name":"A NEW CONCEPT OF CARE","description":"Un nuevo concepto de cuidado","publisher":{"@id":"https:\/\/outdoortarrago.com\/es\/#organization"},"potentialAction":[{"@type":"SearchAction","target":{"@type":"EntryPoint","urlTemplate":"https:\/\/outdoortarrago.com\/es\/?s={search_term_string}"},"query-input":{"@type":"PropertyValueSpecification","valueRequired":true,"valueName":"search_term_string"}}],"inLanguage":"es"},{"@type":"Organization","@id":"https:\/\/outdoortarrago.com\/es\/#organization","name":"A NEW CONCEPT OF CARE","url":"https:\/\/outdoortarrago.com\/es\/","logo":{"@type":"ImageObject","inLanguage":"es","@id":"https:\/\/outdoortarrago.com\/es\/#\/schema\/logo\/image\/","url":"https:\/\/outdoortarrago.com\/wp-content\/uploads\/2024\/10\/logo.svg","contentUrl":"https:\/\/outdoortarrago.com\/wp-content\/uploads\/2024\/10\/logo.svg","width":189,"height":134,"caption":"A NEW CONCEPT OF CARE"},"image":{"@id":"https:\/\/outdoortarrago.com\/es\/#\/schema\/logo\/image\/"}}]}},"_links":{"self":[{"href":"https:\/\/outdoortarrago.com\/es\/wp-json\/wp\/v2\/pages\/8250","targetHints":{"allow":["GET"]}}],"collection":[{"href":"https:\/\/outdoortarrago.com\/es\/wp-json\/wp\/v2\/pages"}],"about":[{"href":"https:\/\/outdoortarrago.com\/es\/wp-json\/wp\/v2\/types\/page"}],"author":[{"embeddable":true,"href":"https:\/\/outdoortarrago.com\/es\/wp-json\/wp\/v2\/users\/1"}],"replies":[{"embeddable":true,"href":"https:\/\/outdoortarrago.com\/es\/wp-json\/wp\/v2\/comments?post=8250"}],"version-history":[{"count":1,"href":"https:\/\/outdoortarrago.com\/es\/wp-json\/wp\/v2\/pages\/8250\/revisions"}],"predecessor-version":[{"id":8251,"href":"https:\/\/outdoortarrago.com\/es\/wp-json\/wp\/v2\/pages\/8250\/revisions\/8251"}],"wp:attachment":[{"href":"https:\/\/outdoortarrago.com\/es\/wp-json\/wp\/v2\/media?parent=8250"}],"curies":[{"name":"wp","href":"https:\/\/api.w.org\/{rel}","templated":true}]}}