{"id":8254,"date":"2024-10-30T16:19:26","date_gmt":"2024-10-30T16:19:26","guid":{"rendered":"https:\/\/outdoortarrago.com\/polityka-prywatnosci\/"},"modified":"2025-01-14T14:43:40","modified_gmt":"2025-01-14T14:43:40","slug":"polityka-prywatnosci","status":"publish","type":"page","link":"https:\/\/outdoortarrago.com\/pl\/polityka-prywatnosci\/","title":{"rendered":"Polityka prywatno\u015bci"},"content":{"rendered":"\t\t<div data-elementor-type=\"wp-page\" data-elementor-id=\"8254\" class=\"elementor elementor-8254 elementor-407\" data-elementor-post-type=\"page\">\n\t\t\t\t<div class=\"elementor-element elementor-element-cdd2658 e-flex e-con-boxed e-con e-parent\" data-id=\"cdd2658\" data-element_type=\"container\" data-settings=\"{&quot;background_background&quot;:&quot;classic&quot;}\">\n\t\t\t\t\t<div class=\"e-con-inner\">\n\t\t\t\t<div class=\"elementor-element elementor-element-db4d635 elementor-widget elementor-widget-heading\" data-id=\"db4d635\" data-element_type=\"widget\" data-widget_type=\"heading.default\">\n\t\t\t\t<div class=\"elementor-widget-container\">\n\t\t\t\t\t<h2 class=\"elementor-heading-title elementor-size-default\">Polityka prywatno\u015bci<\/h2>\t\t\t\t<\/div>\n\t\t\t\t<\/div>\n\t\t\t\t\t<\/div>\n\t\t\t\t<\/div>\n\t\t<div class=\"elementor-element elementor-element-377ae45 e-flex e-con-boxed e-con e-parent\" data-id=\"377ae45\" data-element_type=\"container\" data-settings=\"{&quot;background_background&quot;:&quot;classic&quot;}\">\n\t\t\t\t\t<div class=\"e-con-inner\">\n\t\t\t\t<div class=\"elementor-element elementor-element-dd4a845 elementor-widget elementor-widget-text-editor\" data-id=\"dd4a845\" data-element_type=\"widget\" data-widget_type=\"text-editor.default\">\n\t\t\t\t<div class=\"elementor-widget-container\">\n\t\t\t\t\t\t\t\t\t<p><b>Ostatnia aktualizacja 01\/12\/2024<\/b><\/p>\n<p>Poufno\u015b\u0107 i bezpiecze\u0144stwo s\u0105 podstawowymi warto\u015bciami TARRAGO, dlatego zobowi\u0105zujemy si\u0119 do zapewnienia prywatno\u015bci U\u017cytkownika przez ca\u0142y czas i nie gromadzenia \u017cadnych niepotrzebnych informacji. Poni\u017cej przedstawiamy wszystkie niezb\u0119dne informacje dotycz\u0105ce naszej Polityki prywatno\u015bci w odniesieniu do gromadzonych danych osobowych: <\/p>\n<ul>\n<li><span style=\"background-color: transparent; color: var( --e-global-color-primary ); font-family: var( --e-global-typography-e599a38-font-family ), Sans-serif; font-weight: var( --e-global-typography-e599a38-font-weight ); text-align: var(--text-align);\">Kto jest podmiotem przetwarzaj\u0105cym dane u\u017cytkownika.<\/span><\/li>\n<li>Cel, dla kt\u00f3rego gromadzimy wymagane dane.<\/li>\n<li>Jakie jest uzasadnienie ich przetwarzania.<\/li>\n<li>Czas przechowywania danych.<\/li>\n<li>Do kogo przypisane s\u0105 dane.<\/li>\n<li>Jakie s\u0105 Twoje prawa.<\/li>\n<\/ul>\t\t\t\t\t\t\t\t<\/div>\n\t\t\t\t<\/div>\n\t\t\t\t<div class=\"elementor-element elementor-element-1cd9575 elementor-widget elementor-widget-text-editor\" data-id=\"1cd9575\" data-element_type=\"widget\" data-widget_type=\"text-editor.default\">\n\t\t\t\t<div class=\"elementor-widget-container\">\n\t\t\t\t\t\t\t\t\t<h3>1- Administrator danych:<\/h3>  TARRAGO BRANDS INTERNATIONAL SL (B64002512)<br>  C\/Narc\u00eds Monturiol, 18 08243, Manresa  <br>(Barcelona) info@tarrago.com\t\t\t\t\t\t\t\t<\/div>\n\t\t\t\t<\/div>\n\t\t\t\t<div class=\"elementor-element elementor-element-2bf1c48 elementor-widget elementor-widget-text-editor\" data-id=\"2bf1c48\" data-element_type=\"widget\" data-widget_type=\"text-editor.default\">\n\t\t\t\t<div class=\"elementor-widget-container\">\n\t\t\t\t\t\t\t\t\t<h3>2- Cele, legalizacja i przechowywanie przetwarzania danych przesy\u0142anych za po\u015brednictwem:<\/h3>\n<ul>\n<li><b>FORMULARZ KONTAKTOWY.<\/b><\/li>\n<\/ul>\n<div><b> <\/b><\/div>\n<p><b>Cel<\/b>: Zapewnienie \u015brodk\u00f3w do kontaktowania si\u0119 z nami i odpowiadania na pro\u015bby o informacje, a tak\u017ce wysy\u0142anie informacji o naszych produktach, us\u0142ugach i dzia\u0142aniach za po\u015brednictwem medi\u00f3w cyfrowych, je\u015bli u\u017cytkownik zaznaczy pole akceptacji.<\/p>\n<p><b>Legitymizacja: <\/b>Zgoda u\u017cytkownika podczas \u017c\u0105dania informacji za po\u015brednictwem naszego formularza kontaktowego i zaznaczenia pola akceptacji wysy\u0142ania informacji.<\/p>\n<p><b>Przechowywanie<\/b>: Po rozwi\u0105zaniu \u017c\u0105dania za po\u015brednictwem naszego formularza lub udzieleniu odpowiedzi poczt\u0105 elektroniczn\u0105, je\u015bli nie zostanie wygenerowane \u017cadne nowe przetwarzanie i po zaakceptowaniu otrzymywania informacji handlowych, do momentu, gdy u\u017cytkownik za\u017c\u0105da wyrejestrowania.<\/p>\n<p><b>WYSY\u0141ANIE E-MAILI.<br \/><\/b>Cel: Udzielanie odpowiedzi na wnioski o udzielenie informacji, rozpatrywanie wniosk\u00f3w i udzielanie odpowiedzi na wszelkie zapytania lub w\u0105tpliwo\u015bci.Legitymizacja: Zgoda u\u017cytkownika podczas \u017c\u0105dania informacji za po\u015brednictwem naszego adresu e-mail.Przechowywanie: Po udzieleniu odpowiedzi na zapytanie e-mail, je\u015bli nie zosta\u0142o wygenerowane nowe przetwarzanie.<\/p>\n<ul>\n<li><b>SUBSKRYPCJA NEWSLETTERA.<\/b><\/li>\n<\/ul>\n<p><b>Cel<\/b>: Przesy\u0142anie u\u017cytkownikowi naszego biuletynu oraz informacji o naszych produktach, us\u0142ugach i dzia\u0142aniach za po\u015brednictwem medi\u00f3w cyfrowych, je\u015bli u\u017cytkownik zaznaczy pole akceptacji.<\/p>\n<p><b>Legalizacja<\/b>: Zgoda u\u017cytkownika podczas subskrypcji naszego newslettera.<\/p>\n<p><b>Przechowywanie<\/b>: Do momentu z\u0142o\u017cenia przez u\u017cytkownika wniosku o wyrejestrowanie.<\/p>\n<p><b>KOMENTARZE BLOG<br \/>Cel<\/b>: Opublikowanie komentarza w sekcji bloga na stronie internetowej.<\/p>\n<p><b>Legalizacja<\/b>: Zgoda u\u017cytkownika na przes\u0142anie jego danych osobowych i komentarzy do odpowiedniej publikacji.<\/p>\n<p><b>Okres przechowywania<\/b>: Tak d\u0142ugo, jak publikacja na blogu jest publikowana na stronie internetowej.<br \/><b>Obowi\u0105zek podania danych osobowych i konsekwencje jego niepodania.<\/b><\/p>\n<p>Podanie danych osobowych wymaga uko\u0144czenia co najmniej 14 roku \u017cycia lub, w stosownych przypadkach, posiadania wystarczaj\u0105cej zdolno\u015bci prawnej do zawarcia umowy.<br \/>Wymagane dane osobowe s\u0105 niezb\u0119dne do zarz\u0105dzania \u017c\u0105daniami u\u017cytkownika i\/lub \u015bwiadczenia us\u0142ug, kt\u00f3re mog\u0105 zosta\u0107 zakontraktowane, a zatem ich niepodanie oznacza, \u017ce nie mo\u017cemy prawid\u0142owo obs\u0142u\u017cy\u0107 u\u017cytkownika ani \u015bwiadczy\u0107 \u017c\u0105danej us\u0142ugi.<\/p>\n\t\t\t\t\t\t\t\t<\/div>\n\t\t\t\t<\/div>\n\t\t\t\t<div class=\"elementor-element elementor-element-af6a422 elementor-widget elementor-widget-text-editor\" data-id=\"af6a422\" data-element_type=\"widget\" data-widget_type=\"text-editor.default\">\n\t\t\t\t<div class=\"elementor-widget-container\">\n\t\t\t\t\t\t\t\t\t<h3>3- Odbiorcy danych<\/h3>\n<p>Dane u\u017cytkownika s\u0105 poufne i nie b\u0119d\u0105 przekazywane stronom trzecim, chyba \u017ce b\u0119dzie to wymagane przez prawo.<\/p>\n\t\t\t\t\t\t\t\t<\/div>\n\t\t\t\t<\/div>\n\t\t\t\t<div class=\"elementor-element elementor-element-7890f02 elementor-widget elementor-widget-text-editor\" data-id=\"7890f02\" data-element_type=\"widget\" data-widget_type=\"text-editor.default\">\n\t\t\t\t<div class=\"elementor-widget-container\">\n\t\t\t\t\t\t\t\t\t<h3>4- Prawa zwi\u0105zane z danymi osobowymi u\u017cytkownika<\/h3>\n<p>Ka\u017cda osoba mo\u017ce wycofa\u0107 swoj\u0105 zgod\u0119 na przetwarzanie danych w dowolnym momencie po jej udzieleniu. W \u017cadnym wypadku wycofanie zgody nie wp\u0142ywa na wykonanie umowy subskrypcji ani na wcze\u015bniej nawi\u0105zane relacje. <\/p>\n<p>U\u017cytkownik mo\u017ce r\u00f3wnie\u017c skorzysta\u0107 z nast\u0119puj\u0105cych praw:<\/p>\n<ul>\n<li>\u017b\u0105dania dost\u0119pu do swoich danych osobowych lub ich sprostowania, je\u015bli s\u0105 nieprawid\u0142owe.<\/li>\n<li>Za\u017c\u0105da\u0107 ich usuni\u0119cia, gdy, mi\u0119dzy innymi, nie s\u0105 ju\u017c potrzebne do cel\u00f3w, dla kt\u00f3rych by\u0142y zarz\u0105dzane.<\/li>\n<li>\u017b\u0105danie ograniczenia przetwarzania w okre\u015blonych okoliczno\u015bciach.<\/li>\n<li>\u017b\u0105danie sprzeciwu wobec przetwarzania danych ze wzgl\u0119du na szczeg\u00f3ln\u0105 sytuacj\u0119 u\u017cytkownika.<\/li>\n<li>\u017b\u0105da\u0107 przeniesienia danych, gdy jest to przewidziane prawem.<\/li>\n<li>Inne prawa uznane w obowi\u0105zuj\u0105cym prawie.<\/li>\n<\/ul>\n<p>Gdzie i jak mo\u017cna skorzysta\u0107 ze swoich praw: Pisz\u0105c do zainteresowanej strony na jej adres pocztowy lub elektroniczny (podany w sekcji A), wskazuj\u0105c odniesienie &#8222;Dane osobowe&#8221;, okre\u015blaj\u0105c prawo, kt\u00f3re ma zosta\u0107 wykonane i w odniesieniu do kt\u00f3rych danych osobowych.<\/p>\n<p>W przypadku jakiegokolwiek sporu z firm\u0105 w zwi\u0105zku z przetwarzaniem danych u\u017cytkownik mo\u017ce z\u0142o\u017cy\u0107 skarg\u0119 do Urz\u0119du Ochrony Danych Osobowych (www.agpd.es).<\/p>\n\t\t\t\t\t\t\t\t<\/div>\n\t\t\t\t<\/div>\n\t\t\t\t<div class=\"elementor-element elementor-element-6097b5e elementor-widget elementor-widget-text-editor\" data-id=\"6097b5e\" data-element_type=\"widget\" data-widget_type=\"text-editor.default\">\n\t\t\t\t<div class=\"elementor-widget-container\">\n\t\t\t\t\t\t\t\t\t<h3>5- Ciasteczka<\/h3>\n<p>Ta strona internetowa wykorzystuje wy\u0142\u0105cznie w\u0142asne i zewn\u0119trzne (Google Analytics) techniczne, personalizacyjne i analityczne pliki cookie, kt\u00f3re w \u017cadnym wypadku nie przetwarzaj\u0105 danych osobowych ani nie rejestruj\u0105 nawyk\u00f3w przegl\u0105dania w celach reklamowych.<\/p>\n<p>W zwi\u0105zku z tym, zgodnie z art. 22 Ustawy o us\u0142ugach spo\u0142ecze\u0144stwa informacyjnego i w zwi\u0105zku z tym, \u017ce wykorzystywane s\u0105 analityczne pliki cookie, poprosili\u015bmy u\u017cytkownika o zgod\u0119 na ich wykorzystanie i poinformowali\u015bmy go o tym, a zostan\u0105 one zainstalowane po up\u0142ywie rozs\u0105dnego okresu czasu, aby u\u017cytkownik mia\u0142 czas na podj\u0119cie decyzji, czy wyrazi\u0107 na nie zgod\u0119.<\/p>\n\t\t\t\t\t\t\t\t<\/div>\n\t\t\t\t<\/div>\n\t\t\t\t<div class=\"elementor-element elementor-element-09b3313 elementor-widget elementor-widget-text-editor\" data-id=\"09b3313\" data-element_type=\"widget\" data-widget_type=\"text-editor.default\">\n\t\t\t\t<div class=\"elementor-widget-container\">\n\t\t\t\t\t\t\t\t\t<h3>6- Bezpiecze\u0144stwo danych osobowych u\u017cytkownika<\/h3>\n<p>Ta strona internetowa wykorzystuje wy\u0142\u0105cznie w\u0142asne i zewn\u0119trzne (Google Analytics) techniczne, personalizacyjne i analityczne pliki cookie, kt\u00f3re w \u017cadnym wypadku nie przetwarzaj\u0105 danych osobowych ani nie rejestruj\u0105 nawyk\u00f3w przegl\u0105dania w celach reklamowych.<\/p>\n<p>W zwi\u0105zku z tym, zgodnie z art. 22 ustawy o us\u0142ugach spo\u0142ecze\u0144stwa informacyjnego, a tak\u017ce w zwi\u0105zku z wykorzystywaniem analitycznych plik\u00f3w cookie, poprosili\u015bmy u\u017cytkownika o zgod\u0119 na ich wykorzystanie i poinformowali\u015bmy go o tym, a zostan\u0105 one zainstalowane po up\u0142ywie rozs\u0105dnego okresu czasu, aby u\u017cytkownik mia\u0142 czas na podj\u0119cie decyzji, czy wyrazi\u0107 na nie zgod\u0119.<\/p>\n\t\t\t\t\t\t\t\t<\/div>\n\t\t\t\t<\/div>\n\t\t\t\t<div class=\"elementor-element elementor-element-20362df elementor-widget elementor-widget-text-editor\" data-id=\"20362df\" data-element_type=\"widget\" data-widget_type=\"text-editor.default\">\n\t\t\t\t<div class=\"elementor-widget-container\">\n\t\t\t\t\t\t\t\t\t<h3>7- Aktualizacja danych<\/h3>\n<p>Wa\u017cne jest, aby\u015b informowa\u0142 nas za ka\u017cdym razem, gdy nast\u0105pi\u0142a jakakolwiek modyfikacja, aby\u015bmy mogli zaktualizowa\u0107 Twoje dane osobowe; w przeciwnym razie nie mo\u017cemy ponosi\u0107 odpowiedzialno\u015bci za ich dok\u0142adno\u015b\u0107.<\/p>\n<p>Nie ponosimy odpowiedzialno\u015bci za polityk\u0119 prywatno\u015bci dotycz\u0105c\u0105 danych osobowych, kt\u00f3re mo\u017cesz przekaza\u0107 stronom trzecim za po\u015brednictwem link\u00f3w na naszej stronie internetowej.<\/p>\n<p>Niniejsza polityka prywatno\u015bci mo\u017ce zosta\u0107 zmodyfikowana w celu dostosowania jej do wszelkich zmian na naszej stronie internetowej wraz z wszelkimi zmianami prawnymi lub orzeczniczymi dotycz\u0105cymi danych osobowych, kt\u00f3re mog\u0105 si\u0119 pojawi\u0107, dlatego prosimy o zapoznanie si\u0119 z niniejsz\u0105 polityk\u0105 za ka\u017cdym razem, gdy przekazujesz swoje dane za po\u015brednictwem tej witryny.<\/p>\n\t\t\t\t\t\t\t\t<\/div>\n\t\t\t\t<\/div>\n\t\t\t\t\t<\/div>\n\t\t\t\t<\/div>\n\t\t\t\t<\/div>\n\t\t","protected":false},"excerpt":{"rendered":"<p>Polityka prywatno\u015bci Ostatnia aktualizacja 01\/12\/2024 Poufno\u015b\u0107 i bezpiecze\u0144stwo s\u0105 podstawowymi warto\u015bciami TARRAGO, dlatego zobowi\u0105zujemy si\u0119 do zapewnienia prywatno\u015bci U\u017cytkownika przez ca\u0142y czas i nie gromadzenia \u017cadnych niepotrzebnych informacji. Poni\u017cej przedstawiamy wszystkie niezb\u0119dne informacje dotycz\u0105ce naszej Polityki prywatno\u015bci w odniesieniu do gromadzonych danych osobowych: Kto jest podmiotem przetwarzaj\u0105cym dane u\u017cytkownika. Cel, dla kt\u00f3rego gromadzimy wymagane dane. [&hellip;]<\/p>\n","protected":false},"author":1,"featured_media":0,"parent":0,"menu_order":0,"comment_status":"closed","ping_status":"closed","template":"","meta":{"_acf_changed":false,"footnotes":""},"class_list":["post-8254","page","type-page","status-publish","hentry"],"acf":[],"yoast_head":"<!-- This site is optimized with the Yoast SEO plugin v26.4 - https:\/\/yoast.com\/wordpress\/plugins\/seo\/ -->\n<title>Polityka prywatno\u015bci - Tarrago Outdoor Care<\/title>\n<meta name=\"robots\" content=\"index, follow, max-snippet:-1, max-image-preview:large, max-video-preview:-1\" \/>\n<link rel=\"canonical\" href=\"https:\/\/outdoortarrago.com\/pl\/polityka-prywatnosci\/\" \/>\n<meta property=\"og:locale\" content=\"pl_PL\" \/>\n<meta property=\"og:type\" content=\"article\" \/>\n<meta property=\"og:title\" content=\"Polityka prywatno\u015bci - Tarrago Outdoor Care\" \/>\n<meta property=\"og:description\" content=\"Polityka prywatno\u015bci Ostatnia aktualizacja 01\/12\/2024 Poufno\u015b\u0107 i bezpiecze\u0144stwo s\u0105 podstawowymi warto\u015bciami TARRAGO, dlatego zobowi\u0105zujemy si\u0119 do zapewnienia prywatno\u015bci U\u017cytkownika przez ca\u0142y czas i nie gromadzenia \u017cadnych niepotrzebnych informacji. Poni\u017cej przedstawiamy wszystkie niezb\u0119dne informacje dotycz\u0105ce naszej Polityki prywatno\u015bci w odniesieniu do gromadzonych danych osobowych: Kto jest podmiotem przetwarzaj\u0105cym dane u\u017cytkownika. Cel, dla kt\u00f3rego gromadzimy wymagane dane. [&hellip;]\" \/>\n<meta property=\"og:url\" content=\"https:\/\/outdoortarrago.com\/pl\/polityka-prywatnosci\/\" \/>\n<meta property=\"og:site_name\" content=\"Tarrago Outdoor Care\" \/>\n<meta property=\"article:modified_time\" content=\"2025-01-14T14:43:40+00:00\" \/>\n<meta name=\"twitter:card\" content=\"summary_large_image\" \/>\n<meta name=\"twitter:label1\" content=\"Szacowany czas czytania\" \/>\n\t<meta name=\"twitter:data1\" content=\"5 minut\" \/>\n<script type=\"application\/ld+json\" class=\"yoast-schema-graph\">{\"@context\":\"https:\/\/schema.org\",\"@graph\":[{\"@type\":\"WebPage\",\"@id\":\"https:\/\/outdoortarrago.com\/pl\/polityka-prywatnosci\/\",\"url\":\"https:\/\/outdoortarrago.com\/pl\/polityka-prywatnosci\/\",\"name\":\"Polityka prywatno\u015bci - Tarrago Outdoor Care\",\"isPartOf\":{\"@id\":\"https:\/\/outdoortarrago.com\/pl\/#website\"},\"datePublished\":\"2024-10-30T16:19:26+00:00\",\"dateModified\":\"2025-01-14T14:43:40+00:00\",\"breadcrumb\":{\"@id\":\"https:\/\/outdoortarrago.com\/pl\/polityka-prywatnosci\/#breadcrumb\"},\"inLanguage\":\"pl-PL\",\"potentialAction\":[{\"@type\":\"ReadAction\",\"target\":[\"https:\/\/outdoortarrago.com\/pl\/polityka-prywatnosci\/\"]}]},{\"@type\":\"BreadcrumbList\",\"@id\":\"https:\/\/outdoortarrago.com\/pl\/polityka-prywatnosci\/#breadcrumb\",\"itemListElement\":[{\"@type\":\"ListItem\",\"position\":1,\"name\":\"Home\",\"item\":\"https:\/\/outdoortarrago.com\/pl\/strona-glowna\/\"},{\"@type\":\"ListItem\",\"position\":2,\"name\":\"Polityka prywatno\u015bci\"}]},{\"@type\":\"WebSite\",\"@id\":\"https:\/\/outdoortarrago.com\/pl\/#website\",\"url\":\"https:\/\/outdoortarrago.com\/pl\/\",\"name\":\"A NEW CONCEPT OF CARE\",\"description\":\"A new concept of care: understanding the cleaning, care, and maintenance of sportswear.\",\"publisher\":{\"@id\":\"https:\/\/outdoortarrago.com\/pl\/#organization\"},\"potentialAction\":[{\"@type\":\"SearchAction\",\"target\":{\"@type\":\"EntryPoint\",\"urlTemplate\":\"https:\/\/outdoortarrago.com\/pl\/?s={search_term_string}\"},\"query-input\":{\"@type\":\"PropertyValueSpecification\",\"valueRequired\":true,\"valueName\":\"search_term_string\"}}],\"inLanguage\":\"pl-PL\"},{\"@type\":\"Organization\",\"@id\":\"https:\/\/outdoortarrago.com\/pl\/#organization\",\"name\":\"A NEW CONCEPT OF CARE\",\"url\":\"https:\/\/outdoortarrago.com\/pl\/\",\"logo\":{\"@type\":\"ImageObject\",\"inLanguage\":\"pl-PL\",\"@id\":\"https:\/\/outdoortarrago.com\/pl\/#\/schema\/logo\/image\/\",\"url\":\"https:\/\/outdoortarrago.com\/wp-content\/uploads\/2024\/10\/logo.svg\",\"contentUrl\":\"https:\/\/outdoortarrago.com\/wp-content\/uploads\/2024\/10\/logo.svg\",\"width\":189,\"height\":134,\"caption\":\"A NEW CONCEPT OF CARE\"},\"image\":{\"@id\":\"https:\/\/outdoortarrago.com\/pl\/#\/schema\/logo\/image\/\"}}]}<\/script>\n<!-- \/ Yoast SEO plugin. -->","yoast_head_json":{"title":"Polityka prywatno\u015bci - Tarrago Outdoor Care","robots":{"index":"index","follow":"follow","max-snippet":"max-snippet:-1","max-image-preview":"max-image-preview:large","max-video-preview":"max-video-preview:-1"},"canonical":"https:\/\/outdoortarrago.com\/pl\/polityka-prywatnosci\/","og_locale":"pl_PL","og_type":"article","og_title":"Polityka prywatno\u015bci - Tarrago Outdoor Care","og_description":"Polityka prywatno\u015bci Ostatnia aktualizacja 01\/12\/2024 Poufno\u015b\u0107 i bezpiecze\u0144stwo s\u0105 podstawowymi warto\u015bciami TARRAGO, dlatego zobowi\u0105zujemy si\u0119 do zapewnienia prywatno\u015bci U\u017cytkownika przez ca\u0142y czas i nie gromadzenia \u017cadnych niepotrzebnych informacji. Poni\u017cej przedstawiamy wszystkie niezb\u0119dne informacje dotycz\u0105ce naszej Polityki prywatno\u015bci w odniesieniu do gromadzonych danych osobowych: Kto jest podmiotem przetwarzaj\u0105cym dane u\u017cytkownika. Cel, dla kt\u00f3rego gromadzimy wymagane dane. [&hellip;]","og_url":"https:\/\/outdoortarrago.com\/pl\/polityka-prywatnosci\/","og_site_name":"Tarrago Outdoor Care","article_modified_time":"2025-01-14T14:43:40+00:00","twitter_card":"summary_large_image","twitter_misc":{"Szacowany czas czytania":"5 minut"},"schema":{"@context":"https:\/\/schema.org","@graph":[{"@type":"WebPage","@id":"https:\/\/outdoortarrago.com\/pl\/polityka-prywatnosci\/","url":"https:\/\/outdoortarrago.com\/pl\/polityka-prywatnosci\/","name":"Polityka prywatno\u015bci - Tarrago Outdoor Care","isPartOf":{"@id":"https:\/\/outdoortarrago.com\/pl\/#website"},"datePublished":"2024-10-30T16:19:26+00:00","dateModified":"2025-01-14T14:43:40+00:00","breadcrumb":{"@id":"https:\/\/outdoortarrago.com\/pl\/polityka-prywatnosci\/#breadcrumb"},"inLanguage":"pl-PL","potentialAction":[{"@type":"ReadAction","target":["https:\/\/outdoortarrago.com\/pl\/polityka-prywatnosci\/"]}]},{"@type":"BreadcrumbList","@id":"https:\/\/outdoortarrago.com\/pl\/polityka-prywatnosci\/#breadcrumb","itemListElement":[{"@type":"ListItem","position":1,"name":"Home","item":"https:\/\/outdoortarrago.com\/pl\/strona-glowna\/"},{"@type":"ListItem","position":2,"name":"Polityka prywatno\u015bci"}]},{"@type":"WebSite","@id":"https:\/\/outdoortarrago.com\/pl\/#website","url":"https:\/\/outdoortarrago.com\/pl\/","name":"A NEW CONCEPT OF CARE","description":"A new concept of care: understanding the cleaning, care, and maintenance of sportswear.","publisher":{"@id":"https:\/\/outdoortarrago.com\/pl\/#organization"},"potentialAction":[{"@type":"SearchAction","target":{"@type":"EntryPoint","urlTemplate":"https:\/\/outdoortarrago.com\/pl\/?s={search_term_string}"},"query-input":{"@type":"PropertyValueSpecification","valueRequired":true,"valueName":"search_term_string"}}],"inLanguage":"pl-PL"},{"@type":"Organization","@id":"https:\/\/outdoortarrago.com\/pl\/#organization","name":"A NEW CONCEPT OF CARE","url":"https:\/\/outdoortarrago.com\/pl\/","logo":{"@type":"ImageObject","inLanguage":"pl-PL","@id":"https:\/\/outdoortarrago.com\/pl\/#\/schema\/logo\/image\/","url":"https:\/\/outdoortarrago.com\/wp-content\/uploads\/2024\/10\/logo.svg","contentUrl":"https:\/\/outdoortarrago.com\/wp-content\/uploads\/2024\/10\/logo.svg","width":189,"height":134,"caption":"A NEW CONCEPT OF CARE"},"image":{"@id":"https:\/\/outdoortarrago.com\/pl\/#\/schema\/logo\/image\/"}}]}},"_links":{"self":[{"href":"https:\/\/outdoortarrago.com\/pl\/wp-json\/wp\/v2\/pages\/8254","targetHints":{"allow":["GET"]}}],"collection":[{"href":"https:\/\/outdoortarrago.com\/pl\/wp-json\/wp\/v2\/pages"}],"about":[{"href":"https:\/\/outdoortarrago.com\/pl\/wp-json\/wp\/v2\/types\/page"}],"author":[{"embeddable":true,"href":"https:\/\/outdoortarrago.com\/pl\/wp-json\/wp\/v2\/users\/1"}],"replies":[{"embeddable":true,"href":"https:\/\/outdoortarrago.com\/pl\/wp-json\/wp\/v2\/comments?post=8254"}],"version-history":[{"count":1,"href":"https:\/\/outdoortarrago.com\/pl\/wp-json\/wp\/v2\/pages\/8254\/revisions"}],"predecessor-version":[{"id":8255,"href":"https:\/\/outdoortarrago.com\/pl\/wp-json\/wp\/v2\/pages\/8254\/revisions\/8255"}],"wp:attachment":[{"href":"https:\/\/outdoortarrago.com\/pl\/wp-json\/wp\/v2\/media?parent=8254"}],"curies":[{"name":"wp","href":"https:\/\/api.w.org\/{rel}","templated":true}]}}